{"id":264,"date":"2025-03-05T17:55:01","date_gmt":"2025-03-05T16:55:01","guid":{"rendered":"https:\/\/www.choeurmontansier.com\/?page_id=264"},"modified":"2026-02-03T15:43:11","modified_gmt":"2026-02-03T14:43:11","slug":"concerts-2","status":"publish","type":"page","link":"https:\/\/www.choeurmontansier.com\/index.php\/concerts-2\/","title":{"rendered":"Concerts"},"content":{"rendered":"\n<p class=\"has-large-font-size\">Prochains concerts <\/p>\n\n\n\n<p style=\"font-size:1.3rem\"><strong>MAI<\/strong><\/p>\n\n\n\n<p style=\"font-size:1.3rem\">Concerts en R\u00e9publique tch\u00e8que, \u00e0 Prague et Nymburk, les 15 et 17 mai. <\/p>\n\n\n\n<p style=\"font-size:1.3rem\"><strong>JUIN <\/strong><\/p>\n\n\n\n<p style=\"font-size:1.3rem\">Mois Moli\u00e8re <\/p>\n\n\n\n<p style=\"font-size:1.3rem\"><em>Cosi fan tutte<\/em>, op\u00e9ra de Wolfgang Amadeus Mozart, en version courte. <\/p>\n\n\n\n<p style=\"font-size:1.3rem\">Les 8 et 9 juin, \u00e0 20h30, \u00e0 la Rotonde.  <\/p>\n\n\n\n<div style=\"height:44px\" aria-hidden=\"true\" class=\"wp-block-spacer\"><\/div>\n\n\n\n<p class=\"has-text-align-center has-foreground-color has-text-color has-link-color wp-elements-23ce5bd5925d8ab9121170008d97c7e6\" style=\"font-size:26px\"><strong>Saison 2025-2026<\/strong><\/p>\n\n\n\n<div class=\"wp-block-media-text is-stacked-on-mobile has-background\" style=\"border-style:none;border-width:0px;background-color:#f8c69d;grid-template-columns:45% auto\"><figure class=\"wp-block-media-text__media\"><img loading=\"lazy\" decoding=\"async\" width=\"819\" height=\"1024\" src=\"http:\/\/www.choeurmontansier.com\/wp-content\/uploads\/2025\/11\/Concert-Noel-20251217-819x1024.jpg\" alt=\"\" class=\"wp-image-604 size-full\" srcset=\"https:\/\/www.choeurmontansier.com\/wp-content\/uploads\/2025\/11\/Concert-Noel-20251217-819x1024.jpg 819w, https:\/\/www.choeurmontansier.com\/wp-content\/uploads\/2025\/11\/Concert-Noel-20251217-240x300.jpg 240w, https:\/\/www.choeurmontansier.com\/wp-content\/uploads\/2025\/11\/Concert-Noel-20251217-768x960.jpg 768w, https:\/\/www.choeurmontansier.com\/wp-content\/uploads\/2025\/11\/Concert-Noel-20251217-1229x1536.jpg 1229w, https:\/\/www.choeurmontansier.com\/wp-content\/uploads\/2025\/11\/Concert-Noel-20251217-1638x2048.jpg 1638w, https:\/\/www.choeurmontansier.com\/wp-content\/uploads\/2025\/11\/Concert-Noel-20251217-320x400.jpg 320w, https:\/\/www.choeurmontansier.com\/wp-content\/uploads\/2025\/11\/Concert-Noel-20251217-480x600.jpg 480w, https:\/\/www.choeurmontansier.com\/wp-content\/uploads\/2025\/11\/Concert-Noel-20251217-800x1000.jpg 800w, https:\/\/www.choeurmontansier.com\/wp-content\/uploads\/2025\/11\/Concert-Noel-20251217-scaled.jpg 2048w\" sizes=\"auto, (max-width: 819px) 100vw, 819px\" \/><\/figure><div class=\"wp-block-media-text__content\">\n<p><\/p>\n\n\n\n<p class=\"has-text-align-center\"><strong>Concert de No\u00ebl<\/strong><\/p>\n\n\n\n<p class=\"has-text-align-center has-small-font-size\">17 d\u00e9cembre 2025<\/p>\n\n\n\n<p class=\"has-text-align-center\" style=\"font-size:16px\">Eglise Sainte Odile, Paris 17\u00e8me<\/p>\n\n\n\n<p class=\"has-text-align-center\"><strong>Missa Pastoralis Bohemica <\/strong><\/p>\n\n\n\n<p class=\"has-text-align-center\"><strong>de Jan Jakub Ryba<\/strong><\/p>\n<\/div><\/div>\n\n\n\n<div style=\"height:44px\" aria-hidden=\"true\" class=\"wp-block-spacer\"><\/div>\n\n\n\n<p class=\"has-text-align-center has-foreground-color has-text-color has-link-color wp-elements-573cf621304a6ee96b6d97c9d89fff38\" style=\"font-size:26px\"><strong>Saison 2024-2025<\/strong><\/p>\n\n\n\n<div class=\"wp-block-media-text is-stacked-on-mobile has-background\" style=\"border-style:none;border-width:0px;background-color:#ebe6e1;grid-template-columns:45% auto\"><figure class=\"wp-block-media-text__media\"><img loading=\"lazy\" decoding=\"async\" width=\"768\" height=\"1024\" src=\"http:\/\/www.choeurmontansier.com\/wp-content\/uploads\/2025\/02\/Affiche-202501-Dvorak-768x1024.jpg\" alt=\"\" class=\"wp-image-138 size-full\" srcset=\"https:\/\/www.choeurmontansier.com\/wp-content\/uploads\/2025\/02\/Affiche-202501-Dvorak-768x1024.jpg 768w, https:\/\/www.choeurmontansier.com\/wp-content\/uploads\/2025\/02\/Affiche-202501-Dvorak-225x300.jpg 225w, https:\/\/www.choeurmontansier.com\/wp-content\/uploads\/2025\/02\/Affiche-202501-Dvorak-320x427.jpg 320w, https:\/\/www.choeurmontansier.com\/wp-content\/uploads\/2025\/02\/Affiche-202501-Dvorak-480x640.jpg 480w, https:\/\/www.choeurmontansier.com\/wp-content\/uploads\/2025\/02\/Affiche-202501-Dvorak-800x1067.jpg 800w, https:\/\/www.choeurmontansier.com\/wp-content\/uploads\/2025\/02\/Affiche-202501-Dvorak.jpg 1125w\" sizes=\"auto, (max-width: 768px) 100vw, 768px\" \/><\/figure><div class=\"wp-block-media-text__content\">\n<p class=\"has-text-align-center has-small-font-size\"><strong>2 f\u00e9vrier 2025 <\/strong><\/p>\n\n\n\n<p style=\"font-size:16px\"><strong>Ch\u0153ur <em>Montansier <\/em><\/strong>et <strong>Ensemble instrumental <em>D&amp;M<\/em><\/strong><\/p>\n\n\n\n<p style=\"font-size:17px\">Direction : Jan Krej\u010dik<\/p>\n\n\n\n<ul style=\"font-size:14px\" class=\"wp-block-list\">\n<li style=\"font-size:16px\">Antonin Dvo\u0159\u00e1k (1841-1904), <em>Messe en r\u00e9 majeur<\/em>, dans sa version pour orchestre<\/li>\n\n\n\n<li style=\"font-size:0.9rem\">Rihards Dubra (1964), <em>O Crux Ave<\/em><\/li>\n\n\n\n<li style=\"font-size:0.9rem\">Renate Stivrina (1985), <em>Caritas numquam excidit<\/em><\/li>\n\n\n\n<li style=\"font-size:0.9rem\">Morten Lauridsen (1943), <em>O Magnum Mysterium<\/em><\/li>\n\n\n\n<li style=\"font-size:0.9rem\">Joseph Haydn (1732-1809), <em>Trio Londonien en Do majeur, <\/em>Hob. IV-1<\/li>\n\n\n\n<li style=\"font-size:0.9rem\">\u0112riks E\u0161envalds (1977), <em>O Salutaris Hostia<\/em><\/li>\n\n\n\n<li style=\"font-size:0.9rem\">Libor D\u0159evikovsk\u00fd (1969), Ave Maria<\/li>\n\n\n\n<li style=\"font-size:0.9rem\">Wilhelm Friedemann Bach (1710-1784), <em>Duo de violons N\u00b01<\/em>, F.61<\/li>\n<\/ul>\n<\/div><\/div>\n\n\n\n<div class=\"wp-block-media-text has-media-on-the-right is-stacked-on-mobile has-background\" style=\"border-style:none;border-width:0px;background-color:#ebe8e8f7;grid-template-columns:auto 45%\"><div class=\"wp-block-media-text__content\">\n<p class=\"has-text-align-center has-small-font-size\"><strong>16 et 17 juin 2025 &#8211; Mois Moli\u00e8re <\/strong><\/p>\n\n\n\n<p class=\"has-medium-font-size\"><em>L&rsquo;Op\u00e9ra en Magie, Sorci\u00e8res, boh\u00e9miens et enchanteurs<\/em>, Concert-Spectacle<\/p>\n\n\n\n<p style=\"font-size:1rem\"><strong>Ch\u0153ur <em>Montansier<\/em><\/strong>, sous la direction&nbsp;de Jan Krej\u010dik. <strong>Atelier lyrique du 3ND<\/strong>, sous la direction de Marie Verhoeven. <strong>Anastasia Korepina<\/strong>, danse. <strong>Cyril Verhoeven<\/strong>, violon.<\/p>\n\n\n\n<ul class=\"wp-block-list\">\n<li style=\"font-size:0.9rem\">Verdi (1813-1901), <em>Macbeth<\/em>. Extraits<\/li>\n\n\n\n<li style=\"font-size:0.9rem\">Bartok (1881-1945), <em>Danses roumaines<\/em>. Piano, violon, danse<\/li>\n\n\n\n<li style=\"font-size:0.9rem\">Verdi, <em>Traviata<\/em>. Extraits<\/li>\n\n\n\n<li style=\"font-size:0.9rem\">Donizetti (1797-1848), <em>L\u2019Elixir d\u2019amour<\/em>. Extraits<\/li>\n\n\n\n<li style=\"font-size:0.9rem\">Gluck (1714-1787), <em>Orph\u00e9e et Eurydice<\/em>. Extrait<\/li>\n\n\n\n<li style=\"font-size:0.9rem\">Verdi, <em>Le Trouv\u00e8re<\/em>. Extrait<\/li>\n\n\n\n<li style=\"font-size:0.9rem\">Bizet (1838-1875), <em>Carmen<\/em>. Suite Habanera, danse. Tor\u00e9ador, Ch\u0153ur et soliste<\/li>\n<\/ul>\n<\/div><figure class=\"wp-block-media-text__media\"><img loading=\"lazy\" decoding=\"async\" width=\"480\" height=\"640\" src=\"http:\/\/www.choeurmontansier.com\/wp-content\/uploads\/2025\/03\/Affiche-concert-juin-2025.jpeg\" alt=\"\" class=\"wp-image-369 size-full\" srcset=\"https:\/\/www.choeurmontansier.com\/wp-content\/uploads\/2025\/03\/Affiche-concert-juin-2025.jpeg 480w, https:\/\/www.choeurmontansier.com\/wp-content\/uploads\/2025\/03\/Affiche-concert-juin-2025-225x300.jpeg 225w, https:\/\/www.choeurmontansier.com\/wp-content\/uploads\/2025\/03\/Affiche-concert-juin-2025-320x427.jpeg 320w\" sizes=\"auto, (max-width: 480px) 100vw, 480px\" \/><\/figure><\/div>\n\n\n\n<div style=\"height:44px\" aria-hidden=\"true\" class=\"wp-block-spacer\"><\/div>\n\n\n\n<p class=\"has-text-align-center has-foreground-color has-text-color has-link-color wp-elements-254b65d472955a7ae7b60a48203ff4b8\" style=\"font-size:26px\"><strong>Saison 2023-2024<\/strong><\/p>\n\n\n\n<div class=\"wp-block-media-text is-stacked-on-mobile is-vertically-aligned-top has-background\" style=\"border-style:none;border-width:0px;background-color:#cee3f0;grid-template-columns:45% auto\"><figure class=\"wp-block-media-text__media\"><img loading=\"lazy\" decoding=\"async\" width=\"766\" height=\"1024\" src=\"http:\/\/www.choeurmontansier.com\/wp-content\/uploads\/2023\/12\/Attachment-1-766x1024.png\" alt=\"\" class=\"wp-image-54 size-full\" srcset=\"https:\/\/www.choeurmontansier.com\/wp-content\/uploads\/2023\/12\/Attachment-1-766x1024.png 766w, https:\/\/www.choeurmontansier.com\/wp-content\/uploads\/2023\/12\/Attachment-1-225x300.png 225w, https:\/\/www.choeurmontansier.com\/wp-content\/uploads\/2023\/12\/Attachment-1-768x1026.png 768w, https:\/\/www.choeurmontansier.com\/wp-content\/uploads\/2023\/12\/Attachment-1-320x428.png 320w, https:\/\/www.choeurmontansier.com\/wp-content\/uploads\/2023\/12\/Attachment-1-480x641.png 480w, https:\/\/www.choeurmontansier.com\/wp-content\/uploads\/2023\/12\/Attachment-1-800x1069.png 800w, https:\/\/www.choeurmontansier.com\/wp-content\/uploads\/2023\/12\/Attachment-1.png 1125w\" sizes=\"auto, (max-width: 766px) 100vw, 766px\" \/><\/figure><div class=\"wp-block-media-text__content\">\n<p class=\"has-text-align-center has-small-font-size\"><strong>27 et 28 janvier 2024<\/strong><\/p>\n\n\n\n<p class=\"has-small-font-size\"><strong>Ch\u0153ur <em>Montansier <\/em><\/strong>et <strong>Ensemble instrumental <em>D&amp;M<\/em><\/strong><\/p>\n\n\n\n<p style=\"font-size:17px\">Direction : Jan Krej\u010dik<\/p>\n\n\n\n<ul class=\"wp-block-list\">\n<li style=\"font-size:1.1rem\">Jan Dismas Zelenka (1679-1745), <em>Miserere &amp; Salve Regina <\/em><\/li>\n<\/ul>\n<\/div><\/div>\n\n\n\n<div class=\"wp-block-media-text has-media-on-the-right is-stacked-on-mobile is-vertically-aligned-center has-background\" style=\"border-style:none;border-width:0px;background-color:#ebe6e1;grid-template-columns:auto 45%\"><div class=\"wp-block-media-text__content\">\n<p class=\"has-text-align-center has-small-font-size\"><strong>9 mars 2024, Paris, Eglise Saint Roch<\/strong><\/p>\n\n\n\n<p class=\"has-text-align-center has-small-font-size\"><strong>9 mai 2024, Potsdam, Eglise Saint Nicolas<\/strong><\/p>\n\n\n\n<p class=\"has-text-align-center has-small-font-size\"><strong>11 mai 2024, Berlin, Eglise Saint Lucas<\/strong><\/p>\n\n\n\n<p class=\"has-small-font-size\"><strong>Ch\u0153ur <em>Montansier <\/em><\/strong>et <strong>Choeur <em>Vokalkolleg<\/em><\/strong><\/p>\n\n\n\n<p style=\"font-size:17px\">Direction, en alternance : Jan Krej\u010dik, Kazuhiro Shigematsu<\/p>\n\n\n\n<ul class=\"wp-block-list\">\n<li style=\"font-size:1.1rem\">Antonin Dvo\u0159\u00e1k (1841-1904), <em>Messe en r\u00e9 majeur<\/em>, dans sa version pour orgue <em> <\/em><\/li>\n<\/ul>\n<\/div><figure class=\"wp-block-media-text__media\"><img loading=\"lazy\" decoding=\"async\" width=\"768\" height=\"1024\" src=\"http:\/\/www.choeurmontansier.com\/wp-content\/uploads\/2025\/02\/Affiche-202405-Dvorak-Berlin-768x1024.jpg\" alt=\"\" class=\"wp-image-141 size-full\" srcset=\"https:\/\/www.choeurmontansier.com\/wp-content\/uploads\/2025\/02\/Affiche-202405-Dvorak-Berlin-768x1024.jpg 768w, https:\/\/www.choeurmontansier.com\/wp-content\/uploads\/2025\/02\/Affiche-202405-Dvorak-Berlin-225x300.jpg 225w, https:\/\/www.choeurmontansier.com\/wp-content\/uploads\/2025\/02\/Affiche-202405-Dvorak-Berlin-1152x1536.jpg 1152w, https:\/\/www.choeurmontansier.com\/wp-content\/uploads\/2025\/02\/Affiche-202405-Dvorak-Berlin-320x427.jpg 320w, https:\/\/www.choeurmontansier.com\/wp-content\/uploads\/2025\/02\/Affiche-202405-Dvorak-Berlin-480x640.jpg 480w, https:\/\/www.choeurmontansier.com\/wp-content\/uploads\/2025\/02\/Affiche-202405-Dvorak-Berlin-800x1067.jpg 800w, https:\/\/www.choeurmontansier.com\/wp-content\/uploads\/2025\/02\/Affiche-202405-Dvorak-Berlin.jpg 1200w\" sizes=\"auto, (max-width: 768px) 100vw, 768px\" \/><\/figure><\/div>\n\n\n\n<div class=\"wp-block-media-text is-stacked-on-mobile is-vertically-aligned-center has-background\" style=\"border-style:none;border-width:0px;background-color:#c1d6c9;grid-template-columns:45% auto\"><figure class=\"wp-block-media-text__media\"><img loading=\"lazy\" decoding=\"async\" width=\"768\" height=\"1024\" src=\"http:\/\/www.choeurmontansier.com\/wp-content\/uploads\/2024\/03\/d94c884b-b37d-4aad-9a94-0ce98fbbf114.jpeg\" alt=\"\" class=\"wp-image-98 size-full\" srcset=\"https:\/\/www.choeurmontansier.com\/wp-content\/uploads\/2024\/03\/d94c884b-b37d-4aad-9a94-0ce98fbbf114.jpeg 768w, https:\/\/www.choeurmontansier.com\/wp-content\/uploads\/2024\/03\/d94c884b-b37d-4aad-9a94-0ce98fbbf114-225x300.jpeg 225w, https:\/\/www.choeurmontansier.com\/wp-content\/uploads\/2024\/03\/d94c884b-b37d-4aad-9a94-0ce98fbbf114-320x427.jpeg 320w, https:\/\/www.choeurmontansier.com\/wp-content\/uploads\/2024\/03\/d94c884b-b37d-4aad-9a94-0ce98fbbf114-480x640.jpeg 480w\" sizes=\"auto, (max-width: 768px) 100vw, 768px\" \/><\/figure><div class=\"wp-block-media-text__content\">\n<p class=\"has-text-align-center has-small-font-size\"><strong>17 et 18 juin 2025 &#8211; Mois Moli\u00e8re<\/strong><\/p>\n\n\n\n<p class=\"has-medium-font-size\"><em>Venise \u00e9blouissante, <\/em>Concert-Spectacle&nbsp;<\/p>\n\n\n\n<p style=\"font-size:1rem\"><strong>Ch\u0153ur <em>Montansier<\/em><\/strong>, sous la direction&nbsp;de Jan Krej\u010dik. <strong>Atelier lyrique du 3ND<\/strong>, sous la direction de Marie Verhoeven. Ensemble <em><strong>R\u00e9s(O)nances<\/strong><\/em>. <strong>Anastasia Korepina<\/strong>, danse. <strong>Cyril Verhoeven<\/strong>, violon.<\/p>\n\n\n\n<ul class=\"wp-block-list\">\n<li style=\"font-size:0.9rem\">Mozart (1756-1791)&nbsp;: <em>Don Giovanni. E<\/em>xtraits <\/li>\n\n\n\n<li style=\"font-size:0.9rem\">Vivaldi (1678-1741) \/ Krej\u010dik (1974)&nbsp;: <em>Quatre saisons<\/em>, arrang\u00e9s pour violon et ch\u0153ur<\/li>\n\n\n\n<li style=\"font-size:0.9rem\">Monteverdi (1567-1643)&nbsp;: <em>Cantate Domino<\/em><\/li>\n\n\n\n<li style=\"font-size:0.9rem\">Rossini (1792-1868)&nbsp;: <em>Carnaval de Venis<\/em>e <\/li>\n\n\n\n<li style=\"font-size:0.9rem\">Krej\u010dik (1974)&nbsp;: <em>Inverno<\/em>, pastiche en style de Vivaldi et sur son texte du sonnet l\u2019<em>Inverno<\/em><\/li>\n\n\n\n<li style=\"font-size:0.9rem\">Pas de deux. <em>Le Carnaval de Venise<\/em>. Extrait du Ballet Satanella<\/li>\n\n\n\n<li style=\"font-size:0.9rem\"><em>Ve-ni-se<\/em>, performance audio-visuelle, par le collectif <em>R\u00e9s(O)nances. <\/em><\/li>\n<\/ul>\n<\/div><\/div>\n","protected":false},"excerpt":{"rendered":"<p>Prochains concerts MAI Concerts en R\u00e9publique tch\u00e8que, \u00e0 Prague et Nymburk, les 15 et 17 mai. JUIN Mois Moli\u00e8re Cosi fan tutte, op\u00e9ra de Wolfgang Amadeus Mozart, en version courte. Les 8 et 9 juin, \u00e0 20h30, \u00e0 la Rotonde. Saison 2025-2026 Concert de No\u00ebl 17 d\u00e9cembre 2025 Eglise Sainte Odile, Paris 17\u00e8me Missa Pastoralis [&hellip;]<\/p>\n","protected":false},"author":1,"featured_media":0,"parent":0,"menu_order":0,"comment_status":"closed","ping_status":"closed","template":"","meta":{"footnotes":""},"class_list":["post-264","page","type-page","status-publish","hentry"],"_links":{"self":[{"href":"https:\/\/www.choeurmontansier.com\/index.php\/wp-json\/wp\/v2\/pages\/264","targetHints":{"allow":["GET"]}}],"collection":[{"href":"https:\/\/www.choeurmontansier.com\/index.php\/wp-json\/wp\/v2\/pages"}],"about":[{"href":"https:\/\/www.choeurmontansier.com\/index.php\/wp-json\/wp\/v2\/types\/page"}],"author":[{"embeddable":true,"href":"https:\/\/www.choeurmontansier.com\/index.php\/wp-json\/wp\/v2\/users\/1"}],"replies":[{"embeddable":true,"href":"https:\/\/www.choeurmontansier.com\/index.php\/wp-json\/wp\/v2\/comments?post=264"}],"version-history":[{"count":63,"href":"https:\/\/www.choeurmontansier.com\/index.php\/wp-json\/wp\/v2\/pages\/264\/revisions"}],"predecessor-version":[{"id":779,"href":"https:\/\/www.choeurmontansier.com\/index.php\/wp-json\/wp\/v2\/pages\/264\/revisions\/779"}],"wp:attachment":[{"href":"https:\/\/www.choeurmontansier.com\/index.php\/wp-json\/wp\/v2\/media?parent=264"}],"curies":[{"name":"wp","href":"https:\/\/api.w.org\/{rel}","templated":true}]}}